{"id":194,"date":"2016-08-31T13:38:15","date_gmt":"2016-08-31T13:38:15","guid":{"rendered":"http:\/\/wordpress.salvator-schule.de\/?page_id=194"},"modified":"2025-09-21T12:26:40","modified_gmt":"2025-09-21T12:26:40","slug":"klasse-3b","status":"publish","type":"page","link":"https:\/\/salvator-schule.de\/?page_id=194","title":{"rendered":"Klasse 4b &#8211; Giraffenklasse"},"content":{"rendered":"<div class=\"default-style\" style=\"caret-color: #000000; color: #000000; font-family: -webkit-standard; font-style: normal; font-variant-caps: normal; font-weight: normal; letter-spacing: normal; orphans: auto; text-align: start; text-indent: 0px; text-transform: none; white-space: normal; widows: auto; word-spacing: 0px; -webkit-tap-highlight-color: rgba(26, 26, 26, 0.3); -webkit-text-size-adjust: auto; -webkit-text-stroke-width: 0px; text-decoration: none;\">&nbsp;<\/div>\n\n\n<p>Klassenlehrerin: Frau G\u00fcdelh\u00f6fer<\/p>\n\n\n\n<p>Sch\u00fclerzahl: 20<\/p>\n\n\n\n<p>Inklusionsklasse: nein<\/p>\n\n\n\n<p class=\"has-large-font-size\"><strong>Unser Ausflug zum Teletubbie-Spielplatz<\/strong><\/p>\n\n\n\n<p>Unsere Jahrgansstufe hat es mal wieder bewiesen, wie viel Ausdauer sie hat. Wir haben einen sch\u00f6nen Wandertag zum Teletubbie-Spielplatz in Allerheiligen gemeistert. Nach einem idyllischen Hinweg durch den Wald, bei dem wir die Natur genie\u00dfen konnten und einer guten Stunde erlebnisreicher Spielzeit auf dem Teletubbie-Spielplatz haben wir es geschafft, ohne nur einen Tropfen Regen abzubekommen, mit guter Laune in der Schule anzukommen. Nun k\u00f6nnen die Herbstferien beginnen!<\/p>\n\n\n\n<figure class=\"wp-block-gallery has-nested-images columns-default is-cropped wp-block-gallery-1 is-layout-flex wp-block-gallery-is-layout-flex\">\n<figure class=\"wp-block-image size-large\"><a href=\"https:\/\/salvator-schule.de\/wp-content\/uploads\/2023\/10\/20230929_115454.jpg\"><img loading=\"lazy\" decoding=\"async\" width=\"1024\" height=\"461\" data-id=\"9450\" src=\"https:\/\/salvator-schule.de\/wp-content\/uploads\/2023\/10\/20230929_115454-1024x461.jpg\" alt=\"\" class=\"wp-image-9450\" srcset=\"https:\/\/salvator-schule.de\/wp-content\/uploads\/2023\/10\/20230929_115454-1024x461.jpg 1024w, https:\/\/salvator-schule.de\/wp-content\/uploads\/2023\/10\/20230929_115454-300x135.jpg 300w, https:\/\/salvator-schule.de\/wp-content\/uploads\/2023\/10\/20230929_115454-768x346.jpg 768w, https:\/\/salvator-schule.de\/wp-content\/uploads\/2023\/10\/20230929_115454-1536x691.jpg 1536w, https:\/\/salvator-schule.de\/wp-content\/uploads\/2023\/10\/20230929_115454.jpg 2000w\" sizes=\"(max-width: 1024px) 100vw, 1024px\" \/><\/a><\/figure>\n<\/figure>\n\n\n\n<p>Gruppenbild der Jahrgangsstufe 2 nach ihrem Herbstausflug zum Teletubbie-Spielplatz (September 2023)<\/p>\n\n\n\n<figure class=\"wp-block-gallery has-nested-images columns-default is-cropped wp-block-gallery-2 is-layout-flex wp-block-gallery-is-layout-flex\">\n<figure class=\"wp-block-image size-large\"><a href=\"https:\/\/salvator-schule.de\/wp-content\/uploads\/2023\/10\/20230929_082443-1.jpg\"><img loading=\"lazy\" decoding=\"async\" width=\"1024\" height=\"461\" data-id=\"9453\" src=\"https:\/\/salvator-schule.de\/wp-content\/uploads\/2023\/10\/20230929_082443-1-1024x461.jpg\" alt=\"\" class=\"wp-image-9453\" srcset=\"https:\/\/salvator-schule.de\/wp-content\/uploads\/2023\/10\/20230929_082443-1-1024x461.jpg 1024w, https:\/\/salvator-schule.de\/wp-content\/uploads\/2023\/10\/20230929_082443-1-300x135.jpg 300w, https:\/\/salvator-schule.de\/wp-content\/uploads\/2023\/10\/20230929_082443-1-768x346.jpg 768w, https:\/\/salvator-schule.de\/wp-content\/uploads\/2023\/10\/20230929_082443-1-1536x691.jpg 1536w, https:\/\/salvator-schule.de\/wp-content\/uploads\/2023\/10\/20230929_082443-1.jpg 2000w\" sizes=\"(max-width: 1024px) 100vw, 1024px\" \/><\/a><\/figure>\n<\/figure>\n\n\n\n<p>Wanderung durch den M\u00fchlenbusch (September 2023)<\/p>\n\n\n\n<p><\/p>\n\n\n\n<p class=\"has-medium-font-size\"><strong>Von den Sommerferien bis zu den Herbstferien &#8211; viele sch\u00f6ne Erlebnisse!<\/strong><\/p>\n\n\n\n<p>Die Sommerferien sind noch gar nicht lange her und wir haben bereits Einiges gelernt und gemeinsam erlebt. Im Deutschunterricht durften wir zum Beispiel bereits die Schreibschrift kennenlernen und schon etwas l\u00e4ngere Texte lesen. Wir durften kleine Texte schreiben, unter anderem \u00fcber &#8222;Willie Wurm&#8220;, der gro\u00dfen Hunger hatte und so gerne einen Apfel essen wollte. Im Sachunterricht durften wir den &#8222;Apfel&#8220; dann auch ganz genau unter die Lupe nehmen. Wir haben uns angesehen, wie der Apfel von innen und au\u00dfen aussieht und dies dokumentiert und die Fachbegriffe hierzu notiert. Viel Spa\u00df machte es uns dann auch aus \u00c4pfeln Apfelmus herzustellen und ihn anschlie\u00dfend zu verzehren. Der Apfelmus war sehr lecker! Wir haben auch gelernt ein Rezept zur Herstellung von Apfelmus aufzuschreiben! <\/p>\n\n\n\n<figure class=\"wp-block-image size-large is-resized\"><a href=\"https:\/\/salvator-schule.de\/wp-content\/uploads\/2023\/10\/image-2.png\"><img loading=\"lazy\" decoding=\"async\" src=\"https:\/\/salvator-schule.de\/wp-content\/uploads\/2023\/10\/image-2-1024x768.png\" alt=\"\" class=\"wp-image-9427\" width=\"522\" height=\"392\" srcset=\"https:\/\/salvator-schule.de\/wp-content\/uploads\/2023\/10\/image-2-1024x768.png 1024w, https:\/\/salvator-schule.de\/wp-content\/uploads\/2023\/10\/image-2-300x225.png 300w, https:\/\/salvator-schule.de\/wp-content\/uploads\/2023\/10\/image-2-768x576.png 768w, https:\/\/salvator-schule.de\/wp-content\/uploads\/2023\/10\/image-2-1536x1152.png 1536w, https:\/\/salvator-schule.de\/wp-content\/uploads\/2023\/10\/image-2-2048x1536.png 2048w, https:\/\/salvator-schule.de\/wp-content\/uploads\/2023\/10\/image-2-400x300.png 400w\" sizes=\"(max-width: 522px) 100vw, 522px\" \/><\/a><\/figure>\n\n\n\n<p>Der Apfelmus hat sichtlich geschmeckt. Nichts blieb \u00fcbrig!! (September 2023)<\/p>\n\n\n\n<p><\/p>\n\n\n\n<p>Sch\u00f6n, dass wir einen Schulgarten haben! <\/p>\n\n\n\n<figure class=\"wp-block-gallery aligncenter has-nested-images columns-default wp-block-gallery-3 is-layout-flex wp-block-gallery-is-layout-flex\">\n<figure class=\"wp-block-image size-large\"><a href=\"https:\/\/salvator-schule.de\/wp-content\/uploads\/2023\/10\/20230904_115933.jpg\"><img loading=\"lazy\" decoding=\"async\" width=\"1024\" height=\"461\" data-id=\"9443\" src=\"https:\/\/salvator-schule.de\/wp-content\/uploads\/2023\/10\/20230904_115933-1024x461.jpg\" alt=\"\" class=\"wp-image-9443\" srcset=\"https:\/\/salvator-schule.de\/wp-content\/uploads\/2023\/10\/20230904_115933-1024x461.jpg 1024w, https:\/\/salvator-schule.de\/wp-content\/uploads\/2023\/10\/20230904_115933-300x135.jpg 300w, https:\/\/salvator-schule.de\/wp-content\/uploads\/2023\/10\/20230904_115933-768x346.jpg 768w, https:\/\/salvator-schule.de\/wp-content\/uploads\/2023\/10\/20230904_115933-1536x691.jpg 1536w, https:\/\/salvator-schule.de\/wp-content\/uploads\/2023\/10\/20230904_115933.jpg 2000w\" sizes=\"(max-width: 1024px) 100vw, 1024px\" \/><\/a><\/figure>\n\n\n\n<figure class=\"wp-block-image size-full\"><a href=\"https:\/\/salvator-schule.de\/wp-content\/uploads\/2023\/10\/20230904_120655.jpg\"><img loading=\"lazy\" decoding=\"async\" width=\"2000\" height=\"900\" data-id=\"9442\" src=\"https:\/\/salvator-schule.de\/wp-content\/uploads\/2023\/10\/20230904_120655.jpg\" alt=\"\" class=\"wp-image-9442\" srcset=\"https:\/\/salvator-schule.de\/wp-content\/uploads\/2023\/10\/20230904_120655.jpg 2000w, https:\/\/salvator-schule.de\/wp-content\/uploads\/2023\/10\/20230904_120655-300x135.jpg 300w, https:\/\/salvator-schule.de\/wp-content\/uploads\/2023\/10\/20230904_120655-1024x461.jpg 1024w, https:\/\/salvator-schule.de\/wp-content\/uploads\/2023\/10\/20230904_120655-768x346.jpg 768w, https:\/\/salvator-schule.de\/wp-content\/uploads\/2023\/10\/20230904_120655-1536x691.jpg 1536w\" sizes=\"(max-width: 2000px) 100vw, 2000px\" \/><\/a><\/figure>\n<\/figure>\n\n\n\n<p>Flei\u00dfige Helfer\/innen bei der Pflege unseres Schulgartens (September 2023)<\/p>\n\n\n\n<p><\/p>\n\n\n\n<p><strong>50 Jahre Salvator<\/strong><\/p>\n\n\n\n<p>Unser Schuljubil\u00e4um (50 Jahre Salvator-Schule) war nat\u00fcrlich ein ganz besonderes Ereignis! Wir haben viele sch\u00f6ne Lieder singen d\u00fcrfen und durften sch\u00f6ne Spiele an verschiedenen Stationen ausprobieren. Es gab auch eine &#8222;Spielzeug-Tauschb\u00f6rse&#8220;. <\/p>\n\n\n\n<figure class=\"wp-block-gallery has-nested-images columns-default is-cropped wp-block-gallery-4 is-layout-flex wp-block-gallery-is-layout-flex\">\n<figure class=\"wp-block-image size-large\"><a href=\"https:\/\/salvator-schule.de\/wp-content\/uploads\/2023\/10\/20230916_100228-3.jpg\"><img loading=\"lazy\" decoding=\"async\" width=\"1024\" height=\"461\" data-id=\"9447\" src=\"https:\/\/salvator-schule.de\/wp-content\/uploads\/2023\/10\/20230916_100228-3-1024x461.jpg\" alt=\"\" class=\"wp-image-9447\" srcset=\"https:\/\/salvator-schule.de\/wp-content\/uploads\/2023\/10\/20230916_100228-3-1024x461.jpg 1024w, https:\/\/salvator-schule.de\/wp-content\/uploads\/2023\/10\/20230916_100228-3-300x135.jpg 300w, https:\/\/salvator-schule.de\/wp-content\/uploads\/2023\/10\/20230916_100228-3-768x346.jpg 768w, https:\/\/salvator-schule.de\/wp-content\/uploads\/2023\/10\/20230916_100228-3-1536x691.jpg 1536w, https:\/\/salvator-schule.de\/wp-content\/uploads\/2023\/10\/20230916_100228-3.jpg 2000w\" sizes=\"(max-width: 1024px) 100vw, 1024px\" \/><\/a><\/figure>\n<\/figure>\n\n\n\n<p>Das waren alles Spielzeuge, die gespendet wurden f\u00fcr unsere &#8222;Spielzeug-Tauschb\u00f6rse&#8220;. \ud83d\ude42<\/p>\n\n\n\n<figure class=\"wp-block-gallery has-nested-images columns-default is-cropped wp-block-gallery-5 is-layout-flex wp-block-gallery-is-layout-flex\">\n<figure class=\"wp-block-image size-large\"><a href=\"https:\/\/salvator-schule.de\/wp-content\/uploads\/2023\/10\/20230916_134242-rotated.jpg\"><img loading=\"lazy\" decoding=\"async\" width=\"461\" height=\"1024\" data-id=\"9449\" src=\"https:\/\/salvator-schule.de\/wp-content\/uploads\/2023\/10\/20230916_134242-461x1024.jpg\" alt=\"\" class=\"wp-image-9449\" srcset=\"https:\/\/salvator-schule.de\/wp-content\/uploads\/2023\/10\/20230916_134242-461x1024.jpg 461w, https:\/\/salvator-schule.de\/wp-content\/uploads\/2023\/10\/20230916_134242-135x300.jpg 135w, https:\/\/salvator-schule.de\/wp-content\/uploads\/2023\/10\/20230916_134242-768x1707.jpg 768w, https:\/\/salvator-schule.de\/wp-content\/uploads\/2023\/10\/20230916_134242-691x1536.jpg 691w, https:\/\/salvator-schule.de\/wp-content\/uploads\/2023\/10\/20230916_134242-rotated.jpg 900w\" sizes=\"(max-width: 461px) 100vw, 461px\" \/><\/a><\/figure>\n<\/figure>\n\n\n\n<p>Das Kinderschminken bereitete den Kindern viel Freude! <\/p>\n\n\n\n<p>&#8212;&#8212;&#8212;&#8212;&#8212;&#8212;&#8212;&#8212;&#8212;&#8212;&#8212;&#8212;&#8212;&#8212;&#8212;&#8212;&#8212;&#8212;&#8212;&#8212;&#8212;&#8212;&#8212;&#8212;&#8212;&#8212;&#8212;&#8212;-<\/p>\n\n\n\n<h2 class=\"wp-block-heading\"><strong>Wir sind nun schon ein Jahr die Giraffenklasse!<\/strong><\/h2>\n\n\n\n<p>Juhu, wir sind nun im 2. Schuljahr und freuen uns darauf viel Neues zu lernen und eine sch\u00f6ne gemeinsame Zeit zu haben!<\/p>\n\n\n\n<p>Im ersten Schuljahr haben wir nicht allein Lesen, Schreiben und Rechnen gelernt, sondern auch viel voneinander gelernt und Freundschaften geschlossen.<\/p>\n\n\n\n<div style=\"height:100px\" aria-hidden=\"true\" class=\"wp-block-spacer\"><\/div>\n\n\n\n<p>Spielen auf dem Schulhof, Oktober 2022<\/p>\n\n\n\n<div class=\"wp-block-cover\"><span aria-hidden=\"true\" class=\"wp-block-cover__background has-background-dim\"><\/span><img loading=\"lazy\" decoding=\"async\" width=\"461\" height=\"1024\" class=\"wp-block-cover__image-background wp-image-9322\" alt=\"\" src=\"https:\/\/salvator-schule.de\/wp-content\/uploads\/2023\/08\/20220829_110958-461x1024.jpg\" data-object-fit=\"cover\" srcset=\"https:\/\/salvator-schule.de\/wp-content\/uploads\/2023\/08\/20220829_110958-461x1024.jpg 461w, https:\/\/salvator-schule.de\/wp-content\/uploads\/2023\/08\/20220829_110958-135x300.jpg 135w, https:\/\/salvator-schule.de\/wp-content\/uploads\/2023\/08\/20220829_110958-768x1707.jpg 768w, https:\/\/salvator-schule.de\/wp-content\/uploads\/2023\/08\/20220829_110958-691x1536.jpg 691w, https:\/\/salvator-schule.de\/wp-content\/uploads\/2023\/08\/20220829_110958-rotated.jpg 900w\" sizes=\"(max-width: 461px) 100vw, 461px\" \/><div class=\"wp-block-cover__inner-container is-layout-flow wp-block-cover-is-layout-flow\">\n<p class=\"has-text-align-center has-large-font-size\"><\/p>\n<\/div><\/div>\n\n\n\n<div style=\"height:100px\" aria-hidden=\"true\" class=\"wp-block-spacer\"><\/div>\n\n\n\n<p>Besuch in der Schulb\u00fccherei, September 2022<\/p>\n\n\n\n<figure class=\"wp-block-image size-large is-resized\"><a href=\"https:\/\/salvator-schule.de\/wp-content\/uploads\/2023\/08\/20221027_102643-rotated.jpg\"><img loading=\"lazy\" decoding=\"async\" src=\"https:\/\/salvator-schule.de\/wp-content\/uploads\/2023\/08\/20221027_102643-461x1024.jpg\" alt=\"\" class=\"wp-image-9323\" width=\"231\" height=\"512\" srcset=\"https:\/\/salvator-schule.de\/wp-content\/uploads\/2023\/08\/20221027_102643-461x1024.jpg 461w, https:\/\/salvator-schule.de\/wp-content\/uploads\/2023\/08\/20221027_102643-135x300.jpg 135w, https:\/\/salvator-schule.de\/wp-content\/uploads\/2023\/08\/20221027_102643-768x1707.jpg 768w, https:\/\/salvator-schule.de\/wp-content\/uploads\/2023\/08\/20221027_102643-691x1536.jpg 691w, https:\/\/salvator-schule.de\/wp-content\/uploads\/2023\/08\/20221027_102643-rotated.jpg 900w\" sizes=\"(max-width: 231px) 100vw, 231px\" \/><\/a><\/figure>\n\n\n\n<div style=\"height:100px\" aria-hidden=\"true\" class=\"wp-block-spacer\"><\/div>\n\n\n\n<p>Wir haben viele tolle Ausfl\u00fcge gemacht, die thematisch auch zu unserem Sachunterrichtthema &#8222;Wald&#8220; passten. Im Herbst waren wir im Wald und haben Bl\u00e4tter und Fr\u00fcchte gesammelt. Im Sommer sind wir 4 Kilometer von unserer Schule bis zum Tannenbusch marschiert und haben dort eine Tannenbuschrallye gel\u00f6st.<\/p>\n\n\n\n<p>Unser Ausflug am letzten Schultag vor den Herbstferien \ud83c\udf41\ud83c\udf2c\ud83c\udf24<\/p>\n\n\n\n<figure class=\"wp-block-gallery has-nested-images columns-default is-cropped wp-block-gallery-6 is-layout-flex wp-block-gallery-is-layout-flex\">\n<figure class=\"wp-block-image size-large\"><img loading=\"lazy\" decoding=\"async\" width=\"1024\" height=\"768\" data-id=\"8649\" src=\"https:\/\/salvator-schule.de\/wp-content\/uploads\/2022\/10\/01725CD6-4714-4063-AF7C-560637CAA0E2-1024x768.jpeg\" alt=\"\" class=\"wp-image-8649\" srcset=\"https:\/\/salvator-schule.de\/wp-content\/uploads\/2022\/10\/01725CD6-4714-4063-AF7C-560637CAA0E2-1024x768.jpeg 1024w, https:\/\/salvator-schule.de\/wp-content\/uploads\/2022\/10\/01725CD6-4714-4063-AF7C-560637CAA0E2-300x225.jpeg 300w, https:\/\/salvator-schule.de\/wp-content\/uploads\/2022\/10\/01725CD6-4714-4063-AF7C-560637CAA0E2-768x576.jpeg 768w, https:\/\/salvator-schule.de\/wp-content\/uploads\/2022\/10\/01725CD6-4714-4063-AF7C-560637CAA0E2-1536x1152.jpeg 1536w, https:\/\/salvator-schule.de\/wp-content\/uploads\/2022\/10\/01725CD6-4714-4063-AF7C-560637CAA0E2-400x300.jpeg 400w, https:\/\/salvator-schule.de\/wp-content\/uploads\/2022\/10\/01725CD6-4714-4063-AF7C-560637CAA0E2.jpeg 2000w\" sizes=\"(max-width: 1024px) 100vw, 1024px\" \/><\/figure>\n\n\n\n<figure class=\"wp-block-image size-large\"><img loading=\"lazy\" decoding=\"async\" width=\"1024\" height=\"768\" data-id=\"8650\" src=\"https:\/\/salvator-schule.de\/wp-content\/uploads\/2022\/10\/117E6795-DCB6-48C5-8FA7-21794F30F0BB-1024x768.jpeg\" alt=\"\" class=\"wp-image-8650\" srcset=\"https:\/\/salvator-schule.de\/wp-content\/uploads\/2022\/10\/117E6795-DCB6-48C5-8FA7-21794F30F0BB-1024x768.jpeg 1024w, https:\/\/salvator-schule.de\/wp-content\/uploads\/2022\/10\/117E6795-DCB6-48C5-8FA7-21794F30F0BB-300x225.jpeg 300w, https:\/\/salvator-schule.de\/wp-content\/uploads\/2022\/10\/117E6795-DCB6-48C5-8FA7-21794F30F0BB-768x576.jpeg 768w, https:\/\/salvator-schule.de\/wp-content\/uploads\/2022\/10\/117E6795-DCB6-48C5-8FA7-21794F30F0BB-1536x1152.jpeg 1536w, https:\/\/salvator-schule.de\/wp-content\/uploads\/2022\/10\/117E6795-DCB6-48C5-8FA7-21794F30F0BB-400x300.jpeg 400w, https:\/\/salvator-schule.de\/wp-content\/uploads\/2022\/10\/117E6795-DCB6-48C5-8FA7-21794F30F0BB.jpeg 2000w\" sizes=\"(max-width: 1024px) 100vw, 1024px\" \/><\/figure>\n\n\n\n<figure class=\"wp-block-image size-large\"><img loading=\"lazy\" decoding=\"async\" width=\"1024\" height=\"768\" data-id=\"8651\" src=\"https:\/\/salvator-schule.de\/wp-content\/uploads\/2022\/10\/ACA84EBE-D52B-41DA-926D-8536FB81310D-1024x768.jpeg\" alt=\"\" class=\"wp-image-8651\" srcset=\"https:\/\/salvator-schule.de\/wp-content\/uploads\/2022\/10\/ACA84EBE-D52B-41DA-926D-8536FB81310D-1024x768.jpeg 1024w, https:\/\/salvator-schule.de\/wp-content\/uploads\/2022\/10\/ACA84EBE-D52B-41DA-926D-8536FB81310D-300x225.jpeg 300w, https:\/\/salvator-schule.de\/wp-content\/uploads\/2022\/10\/ACA84EBE-D52B-41DA-926D-8536FB81310D-768x576.jpeg 768w, https:\/\/salvator-schule.de\/wp-content\/uploads\/2022\/10\/ACA84EBE-D52B-41DA-926D-8536FB81310D-1536x1152.jpeg 1536w, https:\/\/salvator-schule.de\/wp-content\/uploads\/2022\/10\/ACA84EBE-D52B-41DA-926D-8536FB81310D-400x300.jpeg 400w, https:\/\/salvator-schule.de\/wp-content\/uploads\/2022\/10\/ACA84EBE-D52B-41DA-926D-8536FB81310D.jpeg 2000w\" sizes=\"(max-width: 1024px) 100vw, 1024px\" \/><\/figure>\n\n\n\n<figure class=\"wp-block-image size-large\"><img loading=\"lazy\" decoding=\"async\" width=\"1024\" height=\"768\" data-id=\"8648\" src=\"https:\/\/salvator-schule.de\/wp-content\/uploads\/2022\/10\/2E0A7074-14E3-434D-94A3-1CCEEF6B4040-1024x768.jpeg\" alt=\"\" class=\"wp-image-8648\" srcset=\"https:\/\/salvator-schule.de\/wp-content\/uploads\/2022\/10\/2E0A7074-14E3-434D-94A3-1CCEEF6B4040-1024x768.jpeg 1024w, https:\/\/salvator-schule.de\/wp-content\/uploads\/2022\/10\/2E0A7074-14E3-434D-94A3-1CCEEF6B4040-300x225.jpeg 300w, https:\/\/salvator-schule.de\/wp-content\/uploads\/2022\/10\/2E0A7074-14E3-434D-94A3-1CCEEF6B4040-768x576.jpeg 768w, https:\/\/salvator-schule.de\/wp-content\/uploads\/2022\/10\/2E0A7074-14E3-434D-94A3-1CCEEF6B4040-1536x1152.jpeg 1536w, https:\/\/salvator-schule.de\/wp-content\/uploads\/2022\/10\/2E0A7074-14E3-434D-94A3-1CCEEF6B4040-400x300.jpeg 400w, https:\/\/salvator-schule.de\/wp-content\/uploads\/2022\/10\/2E0A7074-14E3-434D-94A3-1CCEEF6B4040.jpeg 2000w\" sizes=\"(max-width: 1024px) 100vw, 1024px\" \/><\/figure>\n<\/figure>\n\n\n\n<p>Eine kleine Pause und dann geht es weiter!<\/p>\n\n\n\n<div style=\"height:100px\" aria-hidden=\"true\" class=\"wp-block-spacer\"><\/div>\n\n\n\n<p>Die iPad-Stunden machten uns immer viel Spa\u00df!, Januar 2023<\/p>\n\n\n\n<figure class=\"wp-block-image size-large\"><a href=\"https:\/\/salvator-schule.de\/wp-content\/uploads\/2023\/08\/20221110_092232.jpg\"><img loading=\"lazy\" decoding=\"async\" width=\"1024\" height=\"461\" src=\"https:\/\/salvator-schule.de\/wp-content\/uploads\/2023\/08\/20221110_092232-1024x461.jpg\" alt=\"\" class=\"wp-image-9324\" srcset=\"https:\/\/salvator-schule.de\/wp-content\/uploads\/2023\/08\/20221110_092232-1024x461.jpg 1024w, https:\/\/salvator-schule.de\/wp-content\/uploads\/2023\/08\/20221110_092232-300x135.jpg 300w, https:\/\/salvator-schule.de\/wp-content\/uploads\/2023\/08\/20221110_092232-768x346.jpg 768w, https:\/\/salvator-schule.de\/wp-content\/uploads\/2023\/08\/20221110_092232-1536x691.jpg 1536w, https:\/\/salvator-schule.de\/wp-content\/uploads\/2023\/08\/20221110_092232.jpg 2000w\" sizes=\"(max-width: 1024px) 100vw, 1024px\" \/><\/a><\/figure>\n\n\n\n<div style=\"height:100px\" aria-hidden=\"true\" class=\"wp-block-spacer\"><\/div>\n\n\n\n<p>Die Feuerwehr hat uns besucht!<\/p>\n\n\n\n<figure class=\"wp-block-image size-large\"><a href=\"https:\/\/salvator-schule.de\/wp-content\/uploads\/2023\/08\/20221117_104232.jpg\"><img loading=\"lazy\" decoding=\"async\" width=\"1024\" height=\"461\" src=\"https:\/\/salvator-schule.de\/wp-content\/uploads\/2023\/08\/20221117_104232-1024x461.jpg\" alt=\"\" class=\"wp-image-9325\" srcset=\"https:\/\/salvator-schule.de\/wp-content\/uploads\/2023\/08\/20221117_104232-1024x461.jpg 1024w, https:\/\/salvator-schule.de\/wp-content\/uploads\/2023\/08\/20221117_104232-300x135.jpg 300w, https:\/\/salvator-schule.de\/wp-content\/uploads\/2023\/08\/20221117_104232-768x346.jpg 768w, https:\/\/salvator-schule.de\/wp-content\/uploads\/2023\/08\/20221117_104232-1536x691.jpg 1536w, https:\/\/salvator-schule.de\/wp-content\/uploads\/2023\/08\/20221117_104232.jpg 2000w\" sizes=\"(max-width: 1024px) 100vw, 1024px\" \/><\/a><\/figure>\n\n\n\n<div style=\"height:100px\" aria-hidden=\"true\" class=\"wp-block-spacer\"><\/div>\n\n\n\n<p><\/p>\n\n\n\n<p>Unsere Schult\u00fctenausstellung, August 2022<\/p>\n\n\n\n<p>Wir sind sehr stolz auf unsere Schult\u00fcten. Unsere Eltern haben sich so viel M\u00fche gegeben!<\/p>\n\n\n\n<figure class=\"wp-block-image size-large is-resized\"><a href=\"http:\/\/salvator-schule.de\/wp-content\/uploads\/2023\/08\/20220815_114155.jpg\"><img loading=\"lazy\" decoding=\"async\" src=\"http:\/\/salvator-schule.de\/wp-content\/uploads\/2023\/08\/20220815_114155-1024x461.jpg\" alt=\"\" class=\"wp-image-9320\" width=\"768\" height=\"346\" srcset=\"https:\/\/salvator-schule.de\/wp-content\/uploads\/2023\/08\/20220815_114155-1024x461.jpg 1024w, https:\/\/salvator-schule.de\/wp-content\/uploads\/2023\/08\/20220815_114155-300x135.jpg 300w, https:\/\/salvator-schule.de\/wp-content\/uploads\/2023\/08\/20220815_114155-768x346.jpg 768w, https:\/\/salvator-schule.de\/wp-content\/uploads\/2023\/08\/20220815_114155-1536x691.jpg 1536w, https:\/\/salvator-schule.de\/wp-content\/uploads\/2023\/08\/20220815_114155.jpg 2000w\" sizes=\"(max-width: 768px) 100vw, 768px\" \/><\/a><\/figure>\n","protected":false},"excerpt":{"rendered":"<p>&nbsp; Klassenlehrerin: Frau G\u00fcdelh\u00f6fer Sch\u00fclerzahl: 20 Inklusionsklasse: nein Unser Ausflug zum Teletubbie-Spielplatz Unsere Jahrgansstufe hat es mal wieder bewiesen, wie viel Ausdauer sie hat. Wir haben einen sch\u00f6nen Wandertag zum Teletubbie-Spielplatz in Allerheiligen gemeistert. Nach einem idyllischen Hinweg durch den Wald, bei dem wir die Natur genie\u00dfen konnten und einer guten Stunde erlebnisreicher Spielzeit auf [&hellip;]<\/p>\n","protected":false},"author":3,"featured_media":0,"parent":180,"menu_order":6,"comment_status":"closed","ping_status":"closed","template":"","meta":{"_uag_custom_page_level_css":"","footnotes":""},"class_list":["post-194","page","type-page","status-publish","hentry"],"uagb_featured_image_src":{"full":false,"thumbnail":false,"medium":false,"medium_large":false,"large":false,"1536x1536":false,"2048x2048":false,"post-thumbnail":false,"evolve-post-thumbnail":false,"evolve-slider-thumbnail":false,"evolve-tabs-img":false,"evolve-testimonial-avatar":false},"uagb_author_info":{"display_name":"Roesner","author_link":"https:\/\/salvator-schule.de\/?author=3"},"uagb_comment_info":0,"uagb_excerpt":"&nbsp; Klassenlehrerin: Frau G\u00fcdelh\u00f6fer Sch\u00fclerzahl: 20 Inklusionsklasse: nein Unser Ausflug zum Teletubbie-Spielplatz Unsere Jahrgansstufe hat es mal wieder bewiesen, wie viel Ausdauer sie hat. Wir haben einen sch\u00f6nen Wandertag zum Teletubbie-Spielplatz in Allerheiligen gemeistert. Nach einem idyllischen Hinweg durch den Wald, bei dem wir die Natur genie\u00dfen konnten und einer guten Stunde erlebnisreicher Spielzeit auf&hellip;","_links":{"self":[{"href":"https:\/\/salvator-schule.de\/index.php?rest_route=\/wp\/v2\/pages\/194"}],"collection":[{"href":"https:\/\/salvator-schule.de\/index.php?rest_route=\/wp\/v2\/pages"}],"about":[{"href":"https:\/\/salvator-schule.de\/index.php?rest_route=\/wp\/v2\/types\/page"}],"author":[{"embeddable":true,"href":"https:\/\/salvator-schule.de\/index.php?rest_route=\/wp\/v2\/users\/3"}],"replies":[{"embeddable":true,"href":"https:\/\/salvator-schule.de\/index.php?rest_route=%2Fwp%2Fv2%2Fcomments&post=194"}],"version-history":[{"count":50,"href":"https:\/\/salvator-schule.de\/index.php?rest_route=\/wp\/v2\/pages\/194\/revisions"}],"predecessor-version":[{"id":10695,"href":"https:\/\/salvator-schule.de\/index.php?rest_route=\/wp\/v2\/pages\/194\/revisions\/10695"}],"up":[{"embeddable":true,"href":"https:\/\/salvator-schule.de\/index.php?rest_route=\/wp\/v2\/pages\/180"}],"wp:attachment":[{"href":"https:\/\/salvator-schule.de\/index.php?rest_route=%2Fwp%2Fv2%2Fmedia&parent=194"}],"curies":[{"name":"wp","href":"https:\/\/api.w.org\/{rel}","templated":true}]}}